{"id":975,"date":"2025-06-26T14:50:41","date_gmt":"2025-06-26T17:50:41","guid":{"rendered":"https:\/\/ar.weatheramerica.com\/?page_id=975"},"modified":"2025-08-19T14:11:15","modified_gmt":"2025-08-19T17:11:15","slug":"home","status":"publish","type":"page","link":"https:\/\/weatheramerica.com\/es-ar\/","title":{"rendered":"Weather America Argentina \u2013 Pron\u00f3stico del Tiempo y Actualizaciones Clim\u00e1ticas"},"content":{"rendered":"\t\t<div data-elementor-type=\"wp-page\" data-elementor-id=\"975\" class=\"elementor elementor-975\">\n\t\t\t\t\t\t<section class=\"elementor-section elementor-top-section elementor-element elementor-element-6e50be22 elementor-section-boxed elementor-section-height-default elementor-section-height-default\" data-id=\"6e50be22\" data-element_type=\"section\" data-e-type=\"section\" data-settings=\"{&quot;animation&quot;:&quot;none&quot;}\">\n\t\t\t\t\t\t<div class=\"elementor-container elementor-column-gap-custom\">\n\t\t\t\t\t<div class=\"elementor-column elementor-col-66 elementor-top-column elementor-element elementor-element-72e50900 elementor-invisible\" data-id=\"72e50900\" data-element_type=\"column\" data-e-type=\"column\" data-settings=\"{&quot;animation&quot;:&quot;fadeIn&quot;}\">\n\t\t\t<div class=\"elementor-widget-wrap elementor-element-populated\">\n\t\t\t\t\t\t<div class=\"elementor-element elementor-element-6454c596 elementor-widget elementor-widget-foxiz-classic-1\" data-id=\"6454c596\" data-element_type=\"widget\" data-e-type=\"widget\" data-widget_type=\"foxiz-classic-1.default\">\n\t\t\t\t<div class=\"elementor-widget-container\">\n\t\t\t\t\t<div id=\"uid_6454c596\" class=\"block-wrap block-big block-classic block-classic-1 meta-s-default\"><div class=\"block-inner\">\t\t<div class=\"p-wrap p-grid p-classic-1 p-grid-1\" data-pid=\"1467\">\r\n\t\t\t\t<div class=\"feat-holder\">\r\n\t\t\t\t\t\t<div class=\"p-featured\">\r\n\t\t\t\t\t<a class=\"p-flink\" href=\"https:\/\/weatheramerica.com\/es-ar\/2025\/07\/25\/el-clima-en-corrientes-alerta-amarilla-y-lluvias-intensas\/\" title=\"El clima en Corrientes: alerta amarilla y lluvias intensas\">\r\n\t\t\t<img loading=\"lazy\" decoding=\"async\" width=\"860\" height=\"569\" src=\"https:\/\/weatheramerica.com\/es-ar\/wp-content\/uploads\/sites\/6\/2025\/07\/Corrientes-2507-860x569.jpg\" class=\"featured-img wp-post-image\" alt=\"Corrientes-2507\" loading=\"lazy\" \/>\t\t<\/a>\r\n\t\t\t\t<\/div>\r\n\t<\/div>\r\n\t\t<h2 class=\"entry-title h1\">\t\t<a class=\"p-url\" href=\"https:\/\/weatheramerica.com\/es-ar\/2025\/07\/25\/el-clima-en-corrientes-alerta-amarilla-y-lluvias-intensas\/\" rel=\"bookmark\">El clima en Corrientes: alerta amarilla y lluvias intensas<\/a><\/h2><p class=\"entry-summary\">El \u00faltimo fin de semana de vacaciones de invierno en la provincia de Corrientes llega con un panorama clim\u00e1tico inestable y bajo alerta amarilla. Seg\u00fan inform\u00f3 el Servicio Meteorol\u00f3gico Nacional&hellip;<\/p>\r\n\t\t\t\t\t\t<div class=\"p-meta has-bookmark\">\r\n\t\t\t\t<div class=\"meta-inner is-meta\">\r\n\t\t\t\t\t\t\t<a class=\"meta-el meta-avatar\" href=\"https:\/\/weatheramerica.com\/es-ar\/author\/benjamin-perez\/\" rel=\"nofollow\" aria-label=\"Visit posts by Benjam\u00edn P\u00e9rez\"><img alt='Benjam\u00edn P\u00e9rez' src='https:\/\/secure.gravatar.com\/avatar\/514ae07dbff30cf92264fbb353799ca5526399663d9df928d3521dd81ba73529?s=44&#038;d=mm&#038;r=g' srcset='https:\/\/secure.gravatar.com\/avatar\/514ae07dbff30cf92264fbb353799ca5526399663d9df928d3521dd81ba73529?s=88&#038;d=mm&#038;r=g 2x' class='avatar avatar-44 photo' height='44' width='44' \/><\/a>\r\n\t\t\t\t<div class=\"meta-el meta-author\">\r\n\t\t\t\t\t\t\t<span class=\"meta-label\">By<\/span>\r\n\t\t\t<a href=\"https:\/\/weatheramerica.com\/es-ar\/author\/benjamin-perez\/\">Benjam\u00edn P\u00e9rez<\/a>\t\t<\/div>\r\n\t\t\t<div class=\"meta-el meta-date\">\r\n\t\t<i class=\"rbi rbi-clock\" aria-hidden=\"true\"><\/i>\t\t<time class=\"date published\" datetime=\"2025-07-25T14:16:33-03:00\">9 meses ago<\/time>\r\n\t\t<\/div>\t\t\t\t<\/div>\r\n\t\t\t\t<span class=\"rb-bookmark bookmark-trigger\" data-pid=\"1467\"><\/span>\t\t\t<\/div>\r\n\t\t\t\t<\/div>\r\n\t<\/div><\/div>\t\t\t\t<\/div>\n\t\t\t\t<\/div>\n\t\t\t\t<div class=\"elementor-element elementor-element-3b9728e8 elementor-widget elementor-widget-foxiz-grid-flex-1\" data-id=\"3b9728e8\" data-element_type=\"widget\" data-e-type=\"widget\" data-widget_type=\"foxiz-grid-flex-1.default\">\n\t\t\t\t<div class=\"elementor-widget-container\">\n\t\t\t\t\t<div id=\"uid_3b9728e8\" class=\"block-wrap block-grid block-grid-flex-1 rb-columns rb-col-3 is-gap-20 ecat-bg-1 meta-s-default\"><div class=\"block-inner\">\t\t<div class=\"p-wrap p-grid p-grid-1\" data-pid=\"1467\">\r\n\t\t\t\t<div class=\"feat-holder\">\r\n\t\t\t\t\t\t<div class=\"p-featured\">\r\n\t\t\t\t\t<a class=\"p-flink\" href=\"https:\/\/weatheramerica.com\/es-ar\/2025\/07\/25\/el-clima-en-corrientes-alerta-amarilla-y-lluvias-intensas\/\" title=\"El clima en Corrientes: alerta amarilla y lluvias intensas\">\r\n\t\t\t<img loading=\"lazy\" decoding=\"async\" width=\"419\" height=\"280\" src=\"https:\/\/weatheramerica.com\/es-ar\/wp-content\/uploads\/sites\/6\/2025\/07\/Corrientes-2507-420x280.jpg\" class=\"featured-img wp-post-image\" alt=\"Corrientes-2507\" loading=\"lazy\" \/>\t\t<\/a>\r\n\t\t\t\t<\/div>\r\n\t<div class=\"p-categories light-scheme p-top\"><a class=\"p-category category-id-1\" href=\"https:\/\/weatheramerica.com\/es-ar\/category\/news\/\" rel=\"category\">News<\/a><a class=\"p-category category-id-4\" href=\"https:\/\/weatheramerica.com\/es-ar\/category\/premier\/\" rel=\"category\">Premier<\/a><\/div><\/div>\r\n\t\t<h3 class=\"entry-title\">\t\t<a class=\"p-url\" href=\"https:\/\/weatheramerica.com\/es-ar\/2025\/07\/25\/el-clima-en-corrientes-alerta-amarilla-y-lluvias-intensas\/\" rel=\"bookmark\">El clima en Corrientes: alerta amarilla y lluvias intensas<\/a><\/h3>\t\t\t<div class=\"p-meta\">\r\n\t\t\t\t<div class=\"meta-inner is-meta\">\r\n\t\t\t\t\t\t\t<a class=\"meta-el meta-avatar\" href=\"https:\/\/weatheramerica.com\/es-ar\/author\/benjamin-perez\/\" rel=\"nofollow\" aria-label=\"Visit posts by Benjam\u00edn P\u00e9rez\"><img alt='Benjam\u00edn P\u00e9rez' src='https:\/\/secure.gravatar.com\/avatar\/514ae07dbff30cf92264fbb353799ca5526399663d9df928d3521dd81ba73529?s=44&#038;d=mm&#038;r=g' srcset='https:\/\/secure.gravatar.com\/avatar\/514ae07dbff30cf92264fbb353799ca5526399663d9df928d3521dd81ba73529?s=88&#038;d=mm&#038;r=g 2x' class='avatar avatar-44 photo' height='44' width='44' \/><\/a>\r\n\t\t\t\t<div class=\"meta-el meta-author\">\r\n\t\t\t\t\t\t\t<span class=\"meta-label\">By<\/span>\r\n\t\t\t<a href=\"https:\/\/weatheramerica.com\/es-ar\/author\/benjamin-perez\/\">Benjam\u00edn P\u00e9rez<\/a>\t\t<\/div>\r\n\t\t\t\t<div class=\"meta-el meta-update human-format\">\r\n\t\t\t<i class=\"rbi rbi-time\" aria-hidden=\"true\"><\/i>\t\t\t<time class=\"updated\" datetime=\"2026-02-06T08:43:14-03:00\">3 meses ago<\/time>\r\n\t\t<\/div>\r\n\t\t\t\t\t\t<\/div>\r\n\t\t\t\t\t\t\t<\/div>\r\n\t\t\t\t<\/div>\r\n\t\t\t<div class=\"p-wrap p-grid p-grid-1\" data-pid=\"1464\">\r\n\t\t\t\t<div class=\"feat-holder\">\r\n\t\t\t\t\t\t<div class=\"p-featured\">\r\n\t\t\t\t\t<a class=\"p-flink\" href=\"https:\/\/weatheramerica.com\/es-ar\/2025\/07\/25\/el-clima-en-buenos-aires-viernes-de-lluvias-y-viento-sur\/\" title=\"El Clima en Buenos Aires: Viernes de Lluvias y Viento Sur\">\r\n\t\t\t<img loading=\"lazy\" decoding=\"async\" width=\"420\" height=\"279\" src=\"https:\/\/weatheramerica.com\/es-ar\/wp-content\/uploads\/sites\/6\/2025\/07\/buenos-aires-rain-2507-2-420x280.jpg\" class=\"featured-img wp-post-image\" alt=\"buenos aires rain-2507-2\" loading=\"lazy\" \/>\t\t<\/a>\r\n\t\t\t\t<\/div>\r\n\t<div class=\"p-categories light-scheme p-top\"><a class=\"p-category category-id-1\" href=\"https:\/\/weatheramerica.com\/es-ar\/category\/news\/\" rel=\"category\">News<\/a><\/div><\/div>\r\n\t\t<h3 class=\"entry-title\">\t\t<a class=\"p-url\" href=\"https:\/\/weatheramerica.com\/es-ar\/2025\/07\/25\/el-clima-en-buenos-aires-viernes-de-lluvias-y-viento-sur\/\" rel=\"bookmark\">El Clima en Buenos Aires: Viernes de Lluvias y Viento Sur<\/a><\/h3>\t\t\t<div class=\"p-meta\">\r\n\t\t\t\t<div class=\"meta-inner is-meta\">\r\n\t\t\t\t\t\t\t<a class=\"meta-el meta-avatar\" href=\"https:\/\/weatheramerica.com\/es-ar\/author\/martina-gonzalez\/\" rel=\"nofollow\" aria-label=\"Visit posts by Martina Gonz\u00e1lez\"><img alt='Martina Gonz\u00e1lez' src='https:\/\/secure.gravatar.com\/avatar\/b2c5108c002cfcb2326b0d2e7621b37da877e62b5e89d086c9c80697ed017ea3?s=44&#038;d=mm&#038;r=g' srcset='https:\/\/secure.gravatar.com\/avatar\/b2c5108c002cfcb2326b0d2e7621b37da877e62b5e89d086c9c80697ed017ea3?s=88&#038;d=mm&#038;r=g 2x' class='avatar avatar-44 photo' height='44' width='44' \/><\/a>\r\n\t\t\t\t<div class=\"meta-el meta-author\">\r\n\t\t\t\t\t\t\t<span class=\"meta-label\">By<\/span>\r\n\t\t\t<a href=\"https:\/\/weatheramerica.com\/es-ar\/author\/martina-gonzalez\/\">Martina Gonz\u00e1lez<\/a>\t\t<\/div>\r\n\t\t\t\t<div class=\"meta-el meta-update human-format\">\r\n\t\t\t<i class=\"rbi rbi-time\" aria-hidden=\"true\"><\/i>\t\t\t<time class=\"updated\" datetime=\"2025-07-25T14:14:26-03:00\">9 meses ago<\/time>\r\n\t\t<\/div>\r\n\t\t\t\t\t\t<\/div>\r\n\t\t\t\t\t\t\t<\/div>\r\n\t\t\t\t<\/div>\r\n\t\t\t<div class=\"p-wrap p-grid p-grid-1\" data-pid=\"1461\">\r\n\t\t\t\t<div class=\"feat-holder\">\r\n\t\t\t\t\t\t<div class=\"p-featured\">\r\n\t\t\t\t\t<a class=\"p-flink\" href=\"https:\/\/weatheramerica.com\/es-ar\/2025\/07\/25\/el-clima-en-la-plata-lluvias-hoy-y-frio-en-puerta\/\" title=\"El clima en La Plata: lluvias hoy y fr\u00edo en puerta\">\r\n\t\t\t<img loading=\"lazy\" decoding=\"async\" width=\"420\" height=\"280\" src=\"https:\/\/weatheramerica.com\/es-ar\/wp-content\/uploads\/sites\/6\/2025\/07\/La-Plata-2507-420x280.jpg\" class=\"featured-img wp-post-image\" alt=\"La Plata-2507\" loading=\"lazy\" \/>\t\t<\/a>\r\n\t\t\t\t<\/div>\r\n\t<div class=\"p-categories light-scheme p-top\"><a class=\"p-category category-id-1\" href=\"https:\/\/weatheramerica.com\/es-ar\/category\/news\/\" rel=\"category\">News<\/a><\/div><\/div>\r\n\t\t<h3 class=\"entry-title\">\t\t<a class=\"p-url\" href=\"https:\/\/weatheramerica.com\/es-ar\/2025\/07\/25\/el-clima-en-la-plata-lluvias-hoy-y-frio-en-puerta\/\" rel=\"bookmark\">El clima en La Plata: lluvias hoy y fr\u00edo en puerta<\/a><\/h3>\t\t\t<div class=\"p-meta\">\r\n\t\t\t\t<div class=\"meta-inner is-meta\">\r\n\t\t\t\t\t\t\t<a class=\"meta-el meta-avatar\" href=\"https:\/\/weatheramerica.com\/es-ar\/author\/julieta-romero\/\" rel=\"nofollow\" aria-label=\"Visit posts by Julieta Romero\"><img alt='Julieta Romero' src='https:\/\/secure.gravatar.com\/avatar\/be0c1f9492516a4b9a3f5fdfe0a5b3c1d0fb86d0da97813fa6ddaf5686bd820f?s=44&#038;d=mm&#038;r=g' srcset='https:\/\/secure.gravatar.com\/avatar\/be0c1f9492516a4b9a3f5fdfe0a5b3c1d0fb86d0da97813fa6ddaf5686bd820f?s=88&#038;d=mm&#038;r=g 2x' class='avatar avatar-44 photo' height='44' width='44' \/><\/a>\r\n\t\t\t\t<div class=\"meta-el meta-author\">\r\n\t\t\t\t\t\t\t<span class=\"meta-label\">By<\/span>\r\n\t\t\t<a href=\"https:\/\/weatheramerica.com\/es-ar\/author\/julieta-romero\/\">Julieta Romero<\/a>\t\t<\/div>\r\n\t\t\t\t<div class=\"meta-el meta-update human-format\">\r\n\t\t\t<i class=\"rbi rbi-time\" aria-hidden=\"true\"><\/i>\t\t\t<time class=\"updated\" datetime=\"2025-07-25T14:12:12-03:00\">9 meses ago<\/time>\r\n\t\t<\/div>\r\n\t\t\t\t\t\t<\/div>\r\n\t\t\t\t\t\t\t<\/div>\r\n\t\t\t\t<\/div>\r\n\t\t\t<div class=\"p-wrap p-grid p-grid-1\" data-pid=\"1458\">\r\n\t\t\t\t<div class=\"feat-holder\">\r\n\t\t\t\t\t\t<div class=\"p-featured\">\r\n\t\t\t\t\t<a class=\"p-flink\" href=\"https:\/\/weatheramerica.com\/es-ar\/2025\/07\/25\/el-clima-buenos-aires-lluvias-persisten-este-viernes\/\" title=\"El Clima Buenos Aires: Lluvias Persisten Este Viernes\">\r\n\t\t\t<img loading=\"lazy\" decoding=\"async\" width=\"420\" height=\"280\" src=\"https:\/\/weatheramerica.com\/es-ar\/wp-content\/uploads\/sites\/6\/2025\/07\/buenos-aires-rain-2507-420x280.jpg\" class=\"featured-img wp-post-image\" alt=\"buenos aires rain-2507\" loading=\"lazy\" \/>\t\t<\/a>\r\n\t\t\t\t<\/div>\r\n\t<div class=\"p-categories light-scheme p-top\"><a class=\"p-category category-id-1\" href=\"https:\/\/weatheramerica.com\/es-ar\/category\/news\/\" rel=\"category\">News<\/a><\/div><\/div>\r\n\t\t<h3 class=\"entry-title\">\t\t<a class=\"p-url\" href=\"https:\/\/weatheramerica.com\/es-ar\/2025\/07\/25\/el-clima-buenos-aires-lluvias-persisten-este-viernes\/\" rel=\"bookmark\">El Clima Buenos Aires: Lluvias Persisten Este Viernes<\/a><\/h3>\t\t\t<div class=\"p-meta\">\r\n\t\t\t\t<div class=\"meta-inner is-meta\">\r\n\t\t\t\t\t\t\t<a class=\"meta-el meta-avatar\" href=\"https:\/\/weatheramerica.com\/es-ar\/author\/catalina-fernandez\/\" rel=\"nofollow\" aria-label=\"Visit posts by Catalina Fern\u00e1ndez\"><img alt='Catalina Fern\u00e1ndez' src='https:\/\/secure.gravatar.com\/avatar\/34ce59cbd01ded6cd30460793b16a3a459c535d44d58741398f93ec71aea2b02?s=44&#038;d=mm&#038;r=g' srcset='https:\/\/secure.gravatar.com\/avatar\/34ce59cbd01ded6cd30460793b16a3a459c535d44d58741398f93ec71aea2b02?s=88&#038;d=mm&#038;r=g 2x' class='avatar avatar-44 photo' height='44' width='44' \/><\/a>\r\n\t\t\t\t<div class=\"meta-el meta-author\">\r\n\t\t\t\t\t\t\t<span class=\"meta-label\">By<\/span>\r\n\t\t\t<a href=\"https:\/\/weatheramerica.com\/es-ar\/author\/catalina-fernandez\/\">Catalina Fern\u00e1ndez<\/a>\t\t<\/div>\r\n\t\t\t\t<div class=\"meta-el meta-update human-format\">\r\n\t\t\t<i class=\"rbi rbi-time\" aria-hidden=\"true\"><\/i>\t\t\t<time class=\"updated\" datetime=\"2025-07-25T14:10:31-03:00\">9 meses ago<\/time>\r\n\t\t<\/div>\r\n\t\t\t\t\t\t<\/div>\r\n\t\t\t\t\t\t\t<\/div>\r\n\t\t\t\t<\/div>\r\n\t\t\t<div class=\"p-wrap p-grid p-grid-1\" data-pid=\"1455\">\r\n\t\t\t\t<div class=\"feat-holder\">\r\n\t\t\t\t\t\t<div class=\"p-featured\">\r\n\t\t\t\t\t<a class=\"p-flink\" href=\"https:\/\/weatheramerica.com\/es-ar\/2025\/07\/25\/el-clima-en-buenos-aires-llega-la-sudestada-del-fin-de-semana\/\" title=\"El clima en Buenos Aires: llega la Sudestada del fin de semana\">\r\n\t\t\t<img loading=\"lazy\" decoding=\"async\" width=\"420\" height=\"280\" src=\"https:\/\/weatheramerica.com\/es-ar\/wp-content\/uploads\/sites\/6\/2025\/07\/Buenos-Aires-2507-420x280.jpg\" class=\"featured-img wp-post-image\" alt=\"Buenos Aires-2507\" loading=\"lazy\" \/>\t\t<\/a>\r\n\t\t\t\t<\/div>\r\n\t<div class=\"p-categories light-scheme p-top\"><a class=\"p-category category-id-1\" href=\"https:\/\/weatheramerica.com\/es-ar\/category\/news\/\" rel=\"category\">News<\/a><\/div><\/div>\r\n\t\t<h3 class=\"entry-title\">\t\t<a class=\"p-url\" href=\"https:\/\/weatheramerica.com\/es-ar\/2025\/07\/25\/el-clima-en-buenos-aires-llega-la-sudestada-del-fin-de-semana\/\" rel=\"bookmark\">El clima en Buenos Aires: llega la Sudestada del fin de semana<\/a><\/h3>\t\t\t<div class=\"p-meta\">\r\n\t\t\t\t<div class=\"meta-inner is-meta\">\r\n\t\t\t\t\t\t\t<a class=\"meta-el meta-avatar\" href=\"https:\/\/weatheramerica.com\/es-ar\/author\/benjamin-perez\/\" rel=\"nofollow\" aria-label=\"Visit posts by Benjam\u00edn P\u00e9rez\"><img alt='Benjam\u00edn P\u00e9rez' src='https:\/\/secure.gravatar.com\/avatar\/514ae07dbff30cf92264fbb353799ca5526399663d9df928d3521dd81ba73529?s=44&#038;d=mm&#038;r=g' srcset='https:\/\/secure.gravatar.com\/avatar\/514ae07dbff30cf92264fbb353799ca5526399663d9df928d3521dd81ba73529?s=88&#038;d=mm&#038;r=g 2x' class='avatar avatar-44 photo' height='44' width='44' \/><\/a>\r\n\t\t\t\t<div class=\"meta-el meta-author\">\r\n\t\t\t\t\t\t\t<span class=\"meta-label\">By<\/span>\r\n\t\t\t<a href=\"https:\/\/weatheramerica.com\/es-ar\/author\/benjamin-perez\/\">Benjam\u00edn P\u00e9rez<\/a>\t\t<\/div>\r\n\t\t\t\t<div class=\"meta-el meta-update human-format\">\r\n\t\t\t<i class=\"rbi rbi-time\" aria-hidden=\"true\"><\/i>\t\t\t<time class=\"updated\" datetime=\"2025-07-25T14:08:03-03:00\">9 meses ago<\/time>\r\n\t\t<\/div>\r\n\t\t\t\t\t\t<\/div>\r\n\t\t\t\t\t\t\t<\/div>\r\n\t\t\t\t<\/div>\r\n\t\t\t<div class=\"p-wrap p-grid p-grid-1\" data-pid=\"1451\">\r\n\t\t\t\t<div class=\"feat-holder\">\r\n\t\t\t\t\t\t<div class=\"p-featured\">\r\n\t\t\t\t\t<a class=\"p-flink\" href=\"https:\/\/weatheramerica.com\/es-ar\/2025\/07\/24\/el-clima-invernal-abraza-neuquen-y-rio-negro\/\" title=\"El clima invernal abraza Neuqu\u00e9n y R\u00edo Negro\">\r\n\t\t\t<img loading=\"lazy\" decoding=\"async\" width=\"420\" height=\"280\" src=\"https:\/\/weatheramerica.com\/es-ar\/wp-content\/uploads\/sites\/6\/2025\/07\/Rio-Negro-2407-420x280.jpg\" class=\"featured-img wp-post-image\" alt=\"R\u00edo Negro-2407\" loading=\"lazy\" \/>\t\t<\/a>\r\n\t\t\t\t<\/div>\r\n\t<div class=\"p-categories light-scheme p-top\"><a class=\"p-category category-id-1\" href=\"https:\/\/weatheramerica.com\/es-ar\/category\/news\/\" rel=\"category\">News<\/a><\/div><\/div>\r\n\t\t<h3 class=\"entry-title\">\t\t<a class=\"p-url\" href=\"https:\/\/weatheramerica.com\/es-ar\/2025\/07\/24\/el-clima-invernal-abraza-neuquen-y-rio-negro\/\" rel=\"bookmark\">El clima invernal abraza Neuqu\u00e9n y R\u00edo Negro<\/a><\/h3>\t\t\t<div class=\"p-meta\">\r\n\t\t\t\t<div class=\"meta-inner is-meta\">\r\n\t\t\t\t\t\t\t<a class=\"meta-el meta-avatar\" href=\"https:\/\/weatheramerica.com\/es-ar\/author\/benjamin-perez\/\" rel=\"nofollow\" aria-label=\"Visit posts by Benjam\u00edn P\u00e9rez\"><img alt='Benjam\u00edn P\u00e9rez' src='https:\/\/secure.gravatar.com\/avatar\/514ae07dbff30cf92264fbb353799ca5526399663d9df928d3521dd81ba73529?s=44&#038;d=mm&#038;r=g' srcset='https:\/\/secure.gravatar.com\/avatar\/514ae07dbff30cf92264fbb353799ca5526399663d9df928d3521dd81ba73529?s=88&#038;d=mm&#038;r=g 2x' class='avatar avatar-44 photo' height='44' width='44' \/><\/a>\r\n\t\t\t\t<div class=\"meta-el meta-author\">\r\n\t\t\t\t\t\t\t<span class=\"meta-label\">By<\/span>\r\n\t\t\t<a href=\"https:\/\/weatheramerica.com\/es-ar\/author\/benjamin-perez\/\">Benjam\u00edn P\u00e9rez<\/a>\t\t<\/div>\r\n\t\t\t\t<div class=\"meta-el meta-update human-format\">\r\n\t\t\t<i class=\"rbi rbi-time\" aria-hidden=\"true\"><\/i>\t\t\t<time class=\"updated\" datetime=\"2025-07-24T12:36:14-03:00\">9 meses ago<\/time>\r\n\t\t<\/div>\r\n\t\t\t\t\t\t<\/div>\r\n\t\t\t\t\t\t\t<\/div>\r\n\t\t\t\t<\/div>\r\n\t<\/div><\/div>\t\t\t\t<\/div>\n\t\t\t\t<\/div>\n\t\t\t\t<div class=\"elementor-element elementor-element-3e8d848e elementor-invisible elementor-widget elementor-widget-foxiz-heading\" data-id=\"3e8d848e\" data-element_type=\"widget\" data-e-type=\"widget\" data-settings=\"{&quot;_animation&quot;:&quot;fadeIn&quot;}\" data-widget_type=\"foxiz-heading.default\">\n\t\t\t\t<div class=\"elementor-widget-container\">\n\t\t\t\t\t<div id=\"uid_3e8d848e\" class=\"block-h heading-layout-4\"><div class=\"heading-inner\"><h3 class=\"heading-title\"><a class=\"h-link\" href=\"https:\/\/foxiz.themeruby.com\/default\/blog\/\">More News<\/a><\/h3><div class=\"heading-tagline h6\"><a class=\"heading-tagline-label\" href=\"https:\/\/foxiz.themeruby.com\/default\/blog\/\">View All<\/a><\/div><\/div><\/div>\t\t\t\t<\/div>\n\t\t\t\t<\/div>\n\t\t\t\t<div class=\"elementor-element elementor-element-3375011b elementor-widget elementor-widget-foxiz-list-2\" data-id=\"3375011b\" data-element_type=\"widget\" data-e-type=\"widget\" data-widget_type=\"foxiz-list-2.default\">\n\t\t\t\t<div class=\"elementor-widget-container\">\n\t\t\t\t\t<div id=\"uid_3375011b\" class=\"block-wrap block-big block-list block-list-2 is-gap-15 ecat-l-dot is-feat-left meta-s-default\"><div class=\"block-inner\">\t\t<div class=\"p-wrap p-list p-list-2\" data-pid=\"1445\">\r\n\t\t\t<div class=\"list-holder\">\r\n\t\t\t\t\t\t\t<div class=\"list-feat-holder\">\r\n\t\t\t\t\t\t\t<div class=\"feat-holder\">\t\t<div class=\"p-featured\">\r\n\t\t\t\t\t<a class=\"p-flink\" href=\"https:\/\/weatheramerica.com\/es-ar\/2025\/07\/24\/el-clima-corrientes-lluvias-y-minimo-de-7-c\/\" title=\"el clima Corrientes lluvias y m\u00ednimo de 7 \u00b0C\">\r\n\t\t\t<img loading=\"lazy\" decoding=\"async\" width=\"615\" height=\"410\" src=\"https:\/\/weatheramerica.com\/es-ar\/wp-content\/uploads\/sites\/6\/2025\/07\/corrientes-argentina-2407-615x410.jpg\" class=\"featured-img wp-post-image\" alt=\"corrientes argentina-2407\" loading=\"lazy\" \/>\t\t<\/a>\r\n\t\t\t\t<\/div>\r\n\t<\/div>\r\n\t\t\t\t\t<\/div>\r\n\t\t\t\t\t\t<div class=\"p-content\">\r\n\t\t\t\t<div class=\"p-categories p-top\"><a class=\"p-category category-id-1\" href=\"https:\/\/weatheramerica.com\/es-ar\/category\/news\/\" rel=\"category\">News<\/a><\/div><h3 class=\"entry-title\">\t\t<a class=\"p-url\" href=\"https:\/\/weatheramerica.com\/es-ar\/2025\/07\/24\/el-clima-corrientes-lluvias-y-minimo-de-7-c\/\" rel=\"bookmark\">el clima Corrientes lluvias y m\u00ednimo de 7 \u00b0C<\/a><\/h3><p class=\"entry-summary\">Corrientes amanece hoy, Jueves 24 de Julio, con un cielo gris y precipitaciones intermitentes que podr\u00edan extenderse hasta la tarde;&hellip;<\/p>\r\n\t\t\t\t\t\t<div class=\"p-meta has-bookmark\">\r\n\t\t\t\t<div class=\"meta-inner is-meta\">\r\n\t\t\t\t\t\t\t<div class=\"meta-el meta-author\">\r\n\t\t\t\t\t\t\t<span class=\"meta-label\">By<\/span>\r\n\t\t\t<a href=\"https:\/\/weatheramerica.com\/es-ar\/author\/julieta-romero\/\">Julieta Romero<\/a>\t\t<\/div>\r\n\t\t\t<div class=\"meta-el meta-date\">\r\n\t\t<i class=\"rbi rbi-clock\" aria-hidden=\"true\"><\/i>\t\t<time class=\"date published\" datetime=\"2025-07-24T12:31:11-03:00\">9 meses ago<\/time>\r\n\t\t<\/div>\t\t\t\t<\/div>\r\n\t\t\t\t<span class=\"rb-bookmark bookmark-trigger\" data-pid=\"1445\"><\/span>\t\t\t<\/div>\r\n\t\t\t\t\t<\/div>\r\n\t\t<\/div>\r\n\t\t\t\t<\/div>\r\n\t\t\t<div class=\"p-wrap p-list p-list-2\" data-pid=\"1377\">\r\n\t\t\t<div class=\"list-holder\">\r\n\t\t\t\t\t\t\t<div class=\"list-feat-holder\">\r\n\t\t\t\t\t\t\t<div class=\"feat-holder\">\t\t<div class=\"p-featured\">\r\n\t\t\t\t\t<a class=\"p-flink\" href=\"https:\/\/weatheramerica.com\/es-ar\/2025\/07\/18\/el-clima-en-san-juan-viernes-con-sol-pleno-y-viento-norte\/\" title=\"El clima en San Juan: viernes con sol pleno y viento norte\">\r\n\t\t\t<img loading=\"lazy\" decoding=\"async\" width=\"615\" height=\"410\" src=\"https:\/\/weatheramerica.com\/es-ar\/wp-content\/uploads\/sites\/6\/2025\/07\/en-San-Juan-1807-615x410.jpg\" class=\"featured-img wp-post-image\" alt=\"\" loading=\"lazy\" \/>\t\t<\/a>\r\n\t\t\t\t<\/div>\r\n\t<\/div>\r\n\t\t\t\t\t<\/div>\r\n\t\t\t\t\t\t<div class=\"p-content\">\r\n\t\t\t\t<div class=\"p-categories p-top\"><a class=\"p-category category-id-1\" href=\"https:\/\/weatheramerica.com\/es-ar\/category\/news\/\" rel=\"category\">News<\/a><\/div><h3 class=\"entry-title\">\t\t<a class=\"p-url\" href=\"https:\/\/weatheramerica.com\/es-ar\/2025\/07\/18\/el-clima-en-san-juan-viernes-con-sol-pleno-y-viento-norte\/\" rel=\"bookmark\">El clima en San Juan: viernes con sol pleno y viento norte<\/a><\/h3><p class=\"entry-summary\">Pron\u00f3stico del tiempo para el viernes 18 de julio en San Juan Este viernes 18 de julio, San Juan vivir\u00e1&hellip;<\/p>\r\n\t\t\t\t\t\t<div class=\"p-meta has-bookmark\">\r\n\t\t\t\t<div class=\"meta-inner is-meta\">\r\n\t\t\t\t\t\t\t<div class=\"meta-el meta-author\">\r\n\t\t\t\t\t\t\t<span class=\"meta-label\">By<\/span>\r\n\t\t\t<a href=\"https:\/\/weatheramerica.com\/es-ar\/author\/benjamin-perez\/\">Benjam\u00edn P\u00e9rez<\/a>\t\t<\/div>\r\n\t\t\t<div class=\"meta-el meta-date\">\r\n\t\t<i class=\"rbi rbi-clock\" aria-hidden=\"true\"><\/i>\t\t<time class=\"date published\" datetime=\"2025-07-18T14:52:45-03:00\">10 meses ago<\/time>\r\n\t\t<\/div>\t\t\t\t<\/div>\r\n\t\t\t\t<span class=\"rb-bookmark bookmark-trigger\" data-pid=\"1377\"><\/span>\t\t\t<\/div>\r\n\t\t\t\t\t<\/div>\r\n\t\t<\/div>\r\n\t\t\t\t<\/div>\r\n\t<\/div><\/div>\t\t\t\t<\/div>\n\t\t\t\t<\/div>\n\t\t\t\t<div class=\"elementor-element elementor-element-76ee3de8 elementor-widget elementor-widget-foxiz-list-2\" data-id=\"76ee3de8\" data-element_type=\"widget\" data-e-type=\"widget\" data-widget_type=\"foxiz-list-2.default\">\n\t\t\t\t<div class=\"elementor-widget-container\">\n\t\t\t\t\t<div id=\"uid_76ee3de8\" class=\"block-wrap block-big block-list block-list-2 is-gap-15 ecat-l-dot is-feat-left meta-s-default\"><div class=\"block-inner\">\t\t<div class=\"p-wrap p-list p-list-2\" data-pid=\"312\">\r\n\t\t\t<div class=\"list-holder\">\r\n\t\t\t\t\t\t\t<div class=\"list-feat-holder\">\r\n\t\t\t\t\t\t\t<div class=\"feat-holder\">\t\t<div class=\"p-featured\">\r\n\t\t\t\t\t<a class=\"p-flink\" href=\"https:\/\/weatheramerica.com\/es-ar\/2025\/05\/26\/el-clima-en-argentina-alerta-por-tormentas-fuertes-y-granizo-en-el-amba\/\" title=\"El clima en Argentina: alerta por tormentas fuertes y granizo en el AMBA\">\r\n\t\t\t<img loading=\"lazy\" decoding=\"async\" width=\"615\" height=\"410\" src=\"https:\/\/weatheramerica.com\/es-ar\/wp-content\/uploads\/sites\/6\/2025\/05\/temporali-in-Argentina_2605-615x410.jpg\" class=\"featured-img wp-post-image\" alt=\"\" loading=\"lazy\" \/>\t\t<\/a>\r\n\t\t\t\t<\/div>\r\n\t<\/div>\r\n\t\t\t\t\t<\/div>\r\n\t\t\t\t\t\t<div class=\"p-content\">\r\n\t\t\t\t<div class=\"p-categories p-top\"><a class=\"p-category category-id-1\" href=\"https:\/\/weatheramerica.com\/es-ar\/category\/news\/\" rel=\"category\">News<\/a><\/div><h3 class=\"entry-title\">\t\t<a class=\"p-url\" href=\"https:\/\/weatheramerica.com\/es-ar\/2025\/05\/26\/el-clima-en-argentina-alerta-por-tormentas-fuertes-y-granizo-en-el-amba\/\" rel=\"bookmark\">El clima en Argentina: alerta por tormentas fuertes y granizo en el AMBA<\/a><\/h3><p class=\"entry-summary\">Buenos Aires y todo el conurbano bonaerense atraviesan una situaci\u00f3n meteorol\u00f3gica delicada con el ingreso de un sistema de bajas&hellip;<\/p>\r\n\t\t\t\t\t\t<div class=\"p-meta has-bookmark\">\r\n\t\t\t\t<div class=\"meta-inner is-meta\">\r\n\t\t\t\t\t\t\t<div class=\"meta-el meta-author\">\r\n\t\t\t\t\t\t\t<span class=\"meta-label\">By<\/span>\r\n\t\t\t<a href=\"https:\/\/weatheramerica.com\/es-ar\/author\/catalina-fernandez\/\">Catalina Fern\u00e1ndez<\/a>\t\t<\/div>\r\n\t\t\t<div class=\"meta-el meta-date\">\r\n\t\t<i class=\"rbi rbi-clock\" aria-hidden=\"true\"><\/i>\t\t<time class=\"date published\" datetime=\"2025-05-26T06:56:14-03:00\">11 meses ago<\/time>\r\n\t\t<\/div>\t\t\t\t<\/div>\r\n\t\t\t\t<span class=\"rb-bookmark bookmark-trigger\" data-pid=\"312\"><\/span>\t\t\t<\/div>\r\n\t\t\t\t\t<\/div>\r\n\t\t<\/div>\r\n\t\t\t\t<\/div>\r\n\t\t\t<div class=\"p-wrap p-list p-list-2\" data-pid=\"408\">\r\n\t\t\t<div class=\"list-holder\">\r\n\t\t\t\t\t\t\t<div class=\"list-feat-holder\">\r\n\t\t\t\t\t\t\t<div class=\"feat-holder\">\t\t<div class=\"p-featured\">\r\n\t\t\t\t\t<a class=\"p-flink\" href=\"https:\/\/weatheramerica.com\/es-ar\/2025\/05\/28\/el-clima-en-argentina-llega-el-frio-extremo-al-amba-con-la-temida-bomba-polar\/\" title=\"El clima en Argentina: llega el fr\u00edo extremo al AMBA con la temida bomba polar\">\r\n\t\t\t<img loading=\"lazy\" decoding=\"async\" width=\"614\" height=\"410\" src=\"https:\/\/weatheramerica.com\/es-ar\/wp-content\/uploads\/sites\/6\/2025\/05\/rain-buenos-aires_2805-6-615x410.jpg\" class=\"featured-img wp-post-image\" alt=\"\" loading=\"lazy\" \/>\t\t<\/a>\r\n\t\t\t\t<\/div>\r\n\t<\/div>\r\n\t\t\t\t\t<\/div>\r\n\t\t\t\t\t\t<div class=\"p-content\">\r\n\t\t\t\t<div class=\"p-categories p-top\"><a class=\"p-category category-id-1\" href=\"https:\/\/weatheramerica.com\/es-ar\/category\/news\/\" rel=\"category\">News<\/a><\/div><h3 class=\"entry-title\">\t\t<a class=\"p-url\" href=\"https:\/\/weatheramerica.com\/es-ar\/2025\/05\/28\/el-clima-en-argentina-llega-el-frio-extremo-al-amba-con-la-temida-bomba-polar\/\" rel=\"bookmark\">El clima en Argentina: llega el fr\u00edo extremo al AMBA con la temida bomba polar<\/a><\/h3><p class=\"entry-summary\">\u00bfA qu\u00e9 hora llega el fr\u00edo polar al AMBA? Este mi\u00e9rcoles 28 de mayo, tras un martes con lluvias y&hellip;<\/p>\r\n\t\t\t\t\t\t<div class=\"p-meta has-bookmark\">\r\n\t\t\t\t<div class=\"meta-inner is-meta\">\r\n\t\t\t\t\t\t\t<div class=\"meta-el meta-author\">\r\n\t\t\t\t\t\t\t<span class=\"meta-label\">By<\/span>\r\n\t\t\t<a href=\"https:\/\/weatheramerica.com\/es-ar\/author\/catalina-fernandez\/\">Catalina Fern\u00e1ndez<\/a>\t\t<\/div>\r\n\t\t\t<div class=\"meta-el meta-date\">\r\n\t\t<i class=\"rbi rbi-clock\" aria-hidden=\"true\"><\/i>\t\t<time class=\"date published\" datetime=\"2025-05-28T15:49:21-03:00\">11 meses ago<\/time>\r\n\t\t<\/div>\t\t\t\t<\/div>\r\n\t\t\t\t<span class=\"rb-bookmark bookmark-trigger\" data-pid=\"408\"><\/span>\t\t\t<\/div>\r\n\t\t\t\t\t<\/div>\r\n\t\t<\/div>\r\n\t\t\t\t<\/div>\r\n\t\t\t<div class=\"p-wrap p-list p-list-2\" data-pid=\"504\">\r\n\t\t\t<div class=\"list-holder\">\r\n\t\t\t\t\t\t\t<div class=\"list-feat-holder\">\r\n\t\t\t\t\t\t\t<div class=\"feat-holder\">\t\t<div class=\"p-featured\">\r\n\t\t\t\t\t<a class=\"p-flink\" href=\"https:\/\/weatheramerica.com\/es-ar\/2025\/06\/01\/el-clima-en-argentina-alerta-por-vientos-fuertes-en-chubut\/\" title=\"El clima en Argentina: alerta por vientos fuertes en Chubut\">\r\n\t\t\t<img loading=\"lazy\" decoding=\"async\" width=\"615\" height=\"410\" src=\"https:\/\/weatheramerica.com\/es-ar\/wp-content\/uploads\/sites\/6\/2025\/06\/El-clima-en-Argentina-alerta-por-vientos-fuertes-en-Chubut-615x410.png\" class=\"featured-img wp-post-image\" alt=\"\" loading=\"lazy\" \/>\t\t<\/a>\r\n\t\t\t\t<\/div>\r\n\t<\/div>\r\n\t\t\t\t\t<\/div>\r\n\t\t\t\t\t\t<div class=\"p-content\">\r\n\t\t\t\t<div class=\"p-categories p-top\"><a class=\"p-category category-id-1\" href=\"https:\/\/weatheramerica.com\/es-ar\/category\/news\/\" rel=\"category\">News<\/a><\/div><h3 class=\"entry-title\">\t\t<a class=\"p-url\" href=\"https:\/\/weatheramerica.com\/es-ar\/2025\/06\/01\/el-clima-en-argentina-alerta-por-vientos-fuertes-en-chubut\/\" rel=\"bookmark\">El clima en Argentina: alerta por vientos fuertes en Chubut<\/a><\/h3><p class=\"entry-summary\">Domingo 1 de junio amaneci\u00f3 con condiciones meteorol\u00f3gicas contrastantes en distintas regiones del pa\u00eds. Mientras que en la Ciudad de&hellip;<\/p>\r\n\t\t\t\t\t\t<div class=\"p-meta has-bookmark\">\r\n\t\t\t\t<div class=\"meta-inner is-meta\">\r\n\t\t\t\t\t\t\t<div class=\"meta-el meta-author\">\r\n\t\t\t\t\t\t\t<span class=\"meta-label\">By<\/span>\r\n\t\t\t<a href=\"https:\/\/weatheramerica.com\/es-ar\/author\/catalina-fernandez\/\">Catalina Fern\u00e1ndez<\/a>\t\t<\/div>\r\n\t\t\t<div class=\"meta-el meta-date\">\r\n\t\t<i class=\"rbi rbi-clock\" aria-hidden=\"true\"><\/i>\t\t<time class=\"date published\" datetime=\"2025-06-01T10:24:41-03:00\">11 meses ago<\/time>\r\n\t\t<\/div>\t\t\t\t<\/div>\r\n\t\t\t\t<span class=\"rb-bookmark bookmark-trigger\" data-pid=\"504\"><\/span>\t\t\t<\/div>\r\n\t\t\t\t\t<\/div>\r\n\t\t<\/div>\r\n\t\t\t\t<\/div>\r\n\t\t\t<div class=\"p-wrap p-list p-list-2\" data-pid=\"1339\">\r\n\t\t\t<div class=\"list-holder\">\r\n\t\t\t\t\t\t\t<div class=\"list-feat-holder\">\r\n\t\t\t\t\t\t\t<div class=\"feat-holder\">\t\t<div class=\"p-featured\">\r\n\t\t\t\t\t<a class=\"p-flink\" href=\"https:\/\/weatheramerica.com\/es-ar\/2025\/07\/16\/el-clima-en-argentina-tucuman-arranca-el-dia-con-lluvias-y-baja-de-temperatura\/\" title=\"El clima en Argentina: Tucum\u00e1n arranca el d\u00eda con lluvias y baja de temperatura\">\r\n\t\t\t<img loading=\"lazy\" decoding=\"async\" width=\"614\" height=\"410\" src=\"https:\/\/weatheramerica.com\/es-ar\/wp-content\/uploads\/sites\/6\/2025\/07\/Tucuman-1607-615x410.jpg\" class=\"featured-img wp-post-image\" alt=\"Tucum\u00e1n-1607\" loading=\"lazy\" \/>\t\t<\/a>\r\n\t\t\t\t<\/div>\r\n\t<\/div>\r\n\t\t\t\t\t<\/div>\r\n\t\t\t\t\t\t<div class=\"p-content\">\r\n\t\t\t\t<div class=\"p-categories p-top\"><a class=\"p-category category-id-1\" href=\"https:\/\/weatheramerica.com\/es-ar\/category\/news\/\" rel=\"category\">News<\/a><\/div><h3 class=\"entry-title\">\t\t<a class=\"p-url\" href=\"https:\/\/weatheramerica.com\/es-ar\/2025\/07\/16\/el-clima-en-argentina-tucuman-arranca-el-dia-con-lluvias-y-baja-de-temperatura\/\" rel=\"bookmark\">El clima en Argentina: Tucum\u00e1n arranca el d\u00eda con lluvias y baja de temperatura<\/a><\/h3><p class=\"entry-summary\">Mi\u00e9rcoles 16 de Julio \u2013 Tucum\u00e1n amanece con cielos cubiertos, vientos del sur y un marcado descenso t\u00e9rmico, tras varias&hellip;<\/p>\r\n\t\t\t\t\t\t<div class=\"p-meta has-bookmark\">\r\n\t\t\t\t<div class=\"meta-inner is-meta\">\r\n\t\t\t\t\t\t\t<div class=\"meta-el meta-author\">\r\n\t\t\t\t\t\t\t<span class=\"meta-label\">By<\/span>\r\n\t\t\t<a href=\"https:\/\/weatheramerica.com\/es-ar\/author\/julieta-romero\/\">Julieta Romero<\/a>\t\t<\/div>\r\n\t\t\t<div class=\"meta-el meta-date\">\r\n\t\t<i class=\"rbi rbi-clock\" aria-hidden=\"true\"><\/i>\t\t<time class=\"date published\" datetime=\"2025-07-16T13:14:30-03:00\">10 meses ago<\/time>\r\n\t\t<\/div>\t\t\t\t<\/div>\r\n\t\t\t\t<span class=\"rb-bookmark bookmark-trigger\" data-pid=\"1339\"><\/span>\t\t\t<\/div>\r\n\t\t\t\t\t<\/div>\r\n\t\t<\/div>\r\n\t\t\t\t<\/div>\r\n\t\t\t<div class=\"p-wrap p-list p-list-2\" data-pid=\"961\">\r\n\t\t\t<div class=\"list-holder\">\r\n\t\t\t\t\t\t\t<div class=\"list-feat-holder\">\r\n\t\t\t\t\t\t\t<div class=\"feat-holder\">\t\t<div class=\"p-featured\">\r\n\t\t\t\t\t<a class=\"p-flink\" href=\"https:\/\/weatheramerica.com\/es-ar\/2025\/06\/26\/el-clima-en-argentina-ola-polar-con-frio-extremo-y-posible-nieve\/\" title=\"El clima en Argentina: ola polar con fr\u00edo extremo y posible nieve\">\r\n\t\t\t<img loading=\"lazy\" decoding=\"async\" width=\"615\" height=\"410\" src=\"https:\/\/weatheramerica.com\/es-ar\/wp-content\/uploads\/sites\/6\/2025\/06\/El-clima-en-Argentina-ola-polar-con-frio-extremo-y-posible-nieve-615x410.png\" class=\"featured-img wp-post-image\" alt=\"\" loading=\"lazy\" \/>\t\t<\/a>\r\n\t\t\t\t<\/div>\r\n\t<\/div>\r\n\t\t\t\t\t<\/div>\r\n\t\t\t\t\t\t<div class=\"p-content\">\r\n\t\t\t\t<div class=\"p-categories p-top\"><a class=\"p-category category-id-1\" href=\"https:\/\/weatheramerica.com\/es-ar\/category\/news\/\" rel=\"category\">News<\/a><\/div><h3 class=\"entry-title\">\t\t<a class=\"p-url\" href=\"https:\/\/weatheramerica.com\/es-ar\/2025\/06\/26\/el-clima-en-argentina-ola-polar-con-frio-extremo-y-posible-nieve\/\" rel=\"bookmark\">El clima en Argentina: ola polar con fr\u00edo extremo y posible nieve<\/a><\/h3><p class=\"entry-summary\">El clima en Ciudad de Buenos Aires: alerta amarilla por bajas temperaturas Este jueves 26 de junio, la Ciudad de&hellip;<\/p>\r\n\t\t\t\t\t\t<div class=\"p-meta has-bookmark\">\r\n\t\t\t\t<div class=\"meta-inner is-meta\">\r\n\t\t\t\t\t\t\t<div class=\"meta-el meta-author\">\r\n\t\t\t\t\t\t\t<span class=\"meta-label\">By<\/span>\r\n\t\t\t<a href=\"https:\/\/weatheramerica.com\/es-ar\/author\/benjamin-perez\/\">Benjam\u00edn P\u00e9rez<\/a>\t\t<\/div>\r\n\t\t\t<div class=\"meta-el meta-date\">\r\n\t\t<i class=\"rbi rbi-clock\" aria-hidden=\"true\"><\/i>\t\t<time class=\"date published\" datetime=\"2025-06-26T12:06:48-03:00\">10 meses ago<\/time>\r\n\t\t<\/div>\t\t\t\t<\/div>\r\n\t\t\t\t<span class=\"rb-bookmark bookmark-trigger\" data-pid=\"961\"><\/span>\t\t\t<\/div>\r\n\t\t\t\t\t<\/div>\r\n\t\t<\/div>\r\n\t\t\t\t<\/div>\r\n\t<\/div>\t\t<div class=\"pagination-wrap pagination-loadmore\">\r\n\t\t\t<a href=\"#\" rel=\"nofollow\" role=\"button\" class=\"loadmore-trigger\" aria-label=\"Show More\"><span>Show More<\/span><i class=\"rb-loader\" aria-hidden=\"true\"><\/i><\/a>\r\n\t\t<\/div>\r\n\t\t<\/div>\t\t\t\t<\/div>\n\t\t\t\t<\/div>\n\t\t\t\t\t<\/div>\n\t\t<\/div>\n\t\t\t\t<div class=\"elementor-column elementor-col-33 elementor-top-column elementor-element elementor-element-654bd75c rb-sticky is-sidebar\" data-id=\"654bd75c\" data-element_type=\"column\" data-e-type=\"column\">\n\t\t\t<div class=\"elementor-widget-wrap elementor-element-populated\">\n\t\t\t\t\t\t<div class=\"elementor-element elementor-element-ee071b7 elementor-widget elementor-widget-sidebar\" data-id=\"ee071b7\" data-element_type=\"widget\" data-e-type=\"widget\" data-widget_type=\"sidebar.default\">\n\t\t\t\t<div class=\"elementor-widget-container\">\n\t\t\t\t\t\t\t<div data-elementor-type=\"wp-post\" data-elementor-id=\"971\" class=\"elementor elementor-971\">\n\t\t\t\t<div class=\"elementor-element elementor-element-292603b elementor-hidden-mobile e-flex e-con-boxed e-con e-parent\" data-id=\"292603b\" data-element_type=\"container\" data-e-type=\"container\">\n\t\t\t\t\t<div class=\"e-con-inner\">\n\t\t\t\t<div class=\"elementor-element elementor-element-26e8cd44 elementor-widget elementor-widget-foxiz-grid-flex-2\" data-id=\"26e8cd44\" data-element_type=\"widget\" data-e-type=\"widget\" data-widget_type=\"foxiz-grid-flex-2.default\">\n\t\t\t\t<div class=\"elementor-widget-container\">\n\t\t\t\t\t<div id=\"uid_26e8cd44\" class=\"block-wrap block-grid block-grid-flex-2 rb-columns rb-col-1 rb-tcol-1 rb-mcol-1 is-gap-20 ecat-bg-1 meta-s-default\"><div class=\"block-inner\">\t\t<div class=\"p-wrap p-grid p-grid-2\" data-pid=\"1448\">\r\n\t\t\t\t<div class=\"feat-holder\">\t\t<div class=\"p-featured\">\r\n\t\t\t\t\t<a class=\"p-flink\" href=\"https:\/\/weatheramerica.com\/es-ar\/2025\/07\/24\/el-clima-zonda-intenso-en-san-juan-hoy\/\" title=\"El clima: Zonda intenso en San Juan hoy\">\r\n\t\t\t<img loading=\"lazy\" decoding=\"async\" width=\"420\" height=\"280\" src=\"https:\/\/weatheramerica.com\/es-ar\/wp-content\/uploads\/sites\/6\/2025\/07\/San-Juan-2407-420x280.jpg\" class=\"featured-img wp-post-image\" alt=\"San Juan-2407\" loading=\"lazy\" \/>\t\t<\/a>\r\n\t\t\t\t<\/div>\r\n\t<\/div>\r\n\t\t<div class=\"p-categories p-top\"><a class=\"p-category category-id-1\" href=\"https:\/\/weatheramerica.com\/es-ar\/category\/news\/\" rel=\"category\">News<\/a><\/div><h3 class=\"entry-title\">\t\t<a class=\"p-url\" href=\"https:\/\/weatheramerica.com\/es-ar\/2025\/07\/24\/el-clima-zonda-intenso-en-san-juan-hoy\/\" rel=\"bookmark\">El clima: Zonda intenso en San Juan hoy<\/a><\/h3>\t\t\t<div class=\"p-meta\">\r\n\t\t\t\t<div class=\"meta-inner is-meta\">\r\n\t\t\t\t\t\t\t<a class=\"meta-el meta-avatar\" href=\"https:\/\/weatheramerica.com\/es-ar\/author\/martina-gonzalez\/\" rel=\"nofollow\" aria-label=\"Visit posts by Martina Gonz\u00e1lez\"><img alt='Martina Gonz\u00e1lez' src='https:\/\/secure.gravatar.com\/avatar\/b2c5108c002cfcb2326b0d2e7621b37da877e62b5e89d086c9c80697ed017ea3?s=44&#038;d=mm&#038;r=g' srcset='https:\/\/secure.gravatar.com\/avatar\/b2c5108c002cfcb2326b0d2e7621b37da877e62b5e89d086c9c80697ed017ea3?s=88&#038;d=mm&#038;r=g 2x' class='avatar avatar-44 photo' height='44' width='44' \/><\/a>\r\n\t\t\t\t<div class=\"meta-el meta-author\">\r\n\t\t\t\t\t\t\t<span class=\"meta-label\">By<\/span>\r\n\t\t\t<a href=\"https:\/\/weatheramerica.com\/es-ar\/author\/martina-gonzalez\/\">Martina Gonz\u00e1lez<\/a>\t\t<\/div>\r\n\t\t\t\t<div class=\"meta-el meta-update human-format\">\r\n\t\t\t<i class=\"rbi rbi-time\" aria-hidden=\"true\"><\/i>\t\t\t<time class=\"updated\" datetime=\"2025-07-24T12:33:54-03:00\">9 meses ago<\/time>\r\n\t\t<\/div>\r\n\t\t\t\t\t\t<\/div>\r\n\t\t\t\t\t\t\t<\/div>\r\n\t\t\t\t<\/div>\r\n\t\t\t<div class=\"p-wrap p-grid p-grid-2\" data-pid=\"1442\">\r\n\t\t\t\t<div class=\"feat-holder\">\t\t<div class=\"p-featured\">\r\n\t\t\t\t\t<a class=\"p-flink\" href=\"https:\/\/weatheramerica.com\/es-ar\/2025\/07\/24\/el-clima-buenos-aires-sin-nieve-en-mar-del-plata\/\" title=\"El clima Buenos Aires: sin nieve en Mar del Plata\">\r\n\t\t\t<img loading=\"lazy\" decoding=\"async\" width=\"420\" height=\"280\" src=\"https:\/\/weatheramerica.com\/es-ar\/wp-content\/uploads\/sites\/6\/2025\/07\/Mar-del-Plata-2407-420x280.jpg\" class=\"featured-img wp-post-image\" alt=\"Mar del Plata-2407\" loading=\"lazy\" \/>\t\t<\/a>\r\n\t\t\t\t<\/div>\r\n\t<\/div>\r\n\t\t<div class=\"p-categories p-top\"><a class=\"p-category category-id-1\" href=\"https:\/\/weatheramerica.com\/es-ar\/category\/news\/\" rel=\"category\">News<\/a><\/div><h3 class=\"entry-title\">\t\t<a class=\"p-url\" href=\"https:\/\/weatheramerica.com\/es-ar\/2025\/07\/24\/el-clima-buenos-aires-sin-nieve-en-mar-del-plata\/\" rel=\"bookmark\">El clima Buenos Aires: sin nieve en Mar del Plata<\/a><\/h3>\t\t\t<div class=\"p-meta\">\r\n\t\t\t\t<div class=\"meta-inner is-meta\">\r\n\t\t\t\t\t\t\t<a class=\"meta-el meta-avatar\" href=\"https:\/\/weatheramerica.com\/es-ar\/author\/catalina-fernandez\/\" rel=\"nofollow\" aria-label=\"Visit posts by Catalina Fern\u00e1ndez\"><img alt='Catalina Fern\u00e1ndez' src='https:\/\/secure.gravatar.com\/avatar\/34ce59cbd01ded6cd30460793b16a3a459c535d44d58741398f93ec71aea2b02?s=44&#038;d=mm&#038;r=g' srcset='https:\/\/secure.gravatar.com\/avatar\/34ce59cbd01ded6cd30460793b16a3a459c535d44d58741398f93ec71aea2b02?s=88&#038;d=mm&#038;r=g 2x' class='avatar avatar-44 photo' height='44' width='44' \/><\/a>\r\n\t\t\t\t<div class=\"meta-el meta-author\">\r\n\t\t\t\t\t\t\t<span class=\"meta-label\">By<\/span>\r\n\t\t\t<a href=\"https:\/\/weatheramerica.com\/es-ar\/author\/catalina-fernandez\/\">Catalina Fern\u00e1ndez<\/a>\t\t<\/div>\r\n\t\t\t\t<div class=\"meta-el meta-update human-format\">\r\n\t\t\t<i class=\"rbi rbi-time\" aria-hidden=\"true\"><\/i>\t\t\t<time class=\"updated\" datetime=\"2025-07-24T12:27:35-03:00\">9 meses ago<\/time>\r\n\t\t<\/div>\r\n\t\t\t\t\t\t<\/div>\r\n\t\t\t\t\t\t\t<\/div>\r\n\t\t\t\t<\/div>\r\n\t\t\t<div class=\"p-wrap p-grid p-grid-2\" data-pid=\"1439\">\r\n\t\t\t\t<div class=\"feat-holder\">\t\t<div class=\"p-featured\">\r\n\t\t\t\t\t<a class=\"p-flink\" href=\"https:\/\/weatheramerica.com\/es-ar\/2025\/07\/24\/el-clima-mendoza-zonda-y-nevadas-cordilleranas\/\" title=\"El clima Mendoza: Zonda y nevadas cordilleranas\">\r\n\t\t\t<img loading=\"lazy\" decoding=\"async\" width=\"420\" height=\"280\" src=\"https:\/\/weatheramerica.com\/es-ar\/wp-content\/uploads\/sites\/6\/2025\/07\/mountains-in-argentina-2407-420x280.jpg\" class=\"featured-img wp-post-image\" alt=\"\" loading=\"lazy\" \/>\t\t<\/a>\r\n\t\t\t\t<\/div>\r\n\t<\/div>\r\n\t\t<div class=\"p-categories p-top\"><a class=\"p-category category-id-1\" href=\"https:\/\/weatheramerica.com\/es-ar\/category\/news\/\" rel=\"category\">News<\/a><\/div><h3 class=\"entry-title\">\t\t<a class=\"p-url\" href=\"https:\/\/weatheramerica.com\/es-ar\/2025\/07\/24\/el-clima-mendoza-zonda-y-nevadas-cordilleranas\/\" rel=\"bookmark\">El clima Mendoza: Zonda y nevadas cordilleranas<\/a><\/h3>\t\t\t<div class=\"p-meta\">\r\n\t\t\t\t<div class=\"meta-inner is-meta\">\r\n\t\t\t\t\t\t\t<a class=\"meta-el meta-avatar\" href=\"https:\/\/weatheramerica.com\/es-ar\/author\/benjamin-perez\/\" rel=\"nofollow\" aria-label=\"Visit posts by Benjam\u00edn P\u00e9rez\"><img alt='Benjam\u00edn P\u00e9rez' src='https:\/\/secure.gravatar.com\/avatar\/514ae07dbff30cf92264fbb353799ca5526399663d9df928d3521dd81ba73529?s=44&#038;d=mm&#038;r=g' srcset='https:\/\/secure.gravatar.com\/avatar\/514ae07dbff30cf92264fbb353799ca5526399663d9df928d3521dd81ba73529?s=88&#038;d=mm&#038;r=g 2x' class='avatar avatar-44 photo' height='44' width='44' \/><\/a>\r\n\t\t\t\t<div class=\"meta-el meta-author\">\r\n\t\t\t\t\t\t\t<span class=\"meta-label\">By<\/span>\r\n\t\t\t<a href=\"https:\/\/weatheramerica.com\/es-ar\/author\/benjamin-perez\/\">Benjam\u00edn P\u00e9rez<\/a>\t\t<\/div>\r\n\t\t\t\t<div class=\"meta-el meta-update human-format\">\r\n\t\t\t<i class=\"rbi rbi-time\" aria-hidden=\"true\"><\/i>\t\t\t<time class=\"updated\" datetime=\"2025-07-24T12:25:42-03:00\">9 meses ago<\/time>\r\n\t\t<\/div>\r\n\t\t\t\t\t\t<\/div>\r\n\t\t\t\t\t\t\t<\/div>\r\n\t\t\t\t<\/div>\r\n\t\t\t<div class=\"p-wrap p-grid p-grid-2\" data-pid=\"1436\">\r\n\t\t\t\t<div class=\"feat-holder\">\t\t<div class=\"p-featured\">\r\n\t\t\t\t\t<a class=\"p-flink\" href=\"https:\/\/weatheramerica.com\/es-ar\/2025\/07\/21\/el-clima-en-tucuman-sol-firme-y-calor-inusual-para-julio\/\" title=\"El clima en Tucum\u00e1n: sol firme y calor inusual para Julio\">\r\n\t\t\t<img loading=\"lazy\" decoding=\"async\" width=\"420\" height=\"280\" src=\"https:\/\/weatheramerica.com\/es-ar\/wp-content\/uploads\/sites\/6\/2025\/07\/tucuman-2107-1-420x280.jpg\" class=\"featured-img wp-post-image\" alt=\"tucuman-2107\" loading=\"lazy\" \/>\t\t<\/a>\r\n\t\t\t\t<\/div>\r\n\t<\/div>\r\n\t\t<div class=\"p-categories p-top\"><a class=\"p-category category-id-1\" href=\"https:\/\/weatheramerica.com\/es-ar\/category\/news\/\" rel=\"category\">News<\/a><\/div><h3 class=\"entry-title\">\t\t<a class=\"p-url\" href=\"https:\/\/weatheramerica.com\/es-ar\/2025\/07\/21\/el-clima-en-tucuman-sol-firme-y-calor-inusual-para-julio\/\" rel=\"bookmark\">El clima en Tucum\u00e1n: sol firme y calor inusual para Julio<\/a><\/h3>\t\t\t<div class=\"p-meta\">\r\n\t\t\t\t<div class=\"meta-inner is-meta\">\r\n\t\t\t\t\t\t\t<a class=\"meta-el meta-avatar\" href=\"https:\/\/weatheramerica.com\/es-ar\/author\/benjamin-perez\/\" rel=\"nofollow\" aria-label=\"Visit posts by Benjam\u00edn P\u00e9rez\"><img alt='Benjam\u00edn P\u00e9rez' src='https:\/\/secure.gravatar.com\/avatar\/514ae07dbff30cf92264fbb353799ca5526399663d9df928d3521dd81ba73529?s=44&#038;d=mm&#038;r=g' srcset='https:\/\/secure.gravatar.com\/avatar\/514ae07dbff30cf92264fbb353799ca5526399663d9df928d3521dd81ba73529?s=88&#038;d=mm&#038;r=g 2x' class='avatar avatar-44 photo' height='44' width='44' \/><\/a>\r\n\t\t\t\t<div class=\"meta-el meta-author\">\r\n\t\t\t\t\t\t\t<span class=\"meta-label\">By<\/span>\r\n\t\t\t<a href=\"https:\/\/weatheramerica.com\/es-ar\/author\/benjamin-perez\/\">Benjam\u00edn P\u00e9rez<\/a>\t\t<\/div>\r\n\t\t\t\t<div class=\"meta-el meta-update human-format\">\r\n\t\t\t<i class=\"rbi rbi-time\" aria-hidden=\"true\"><\/i>\t\t\t<time class=\"updated\" datetime=\"2025-07-21T12:44:07-03:00\">9 meses ago<\/time>\r\n\t\t<\/div>\r\n\t\t\t\t\t\t<\/div>\r\n\t\t\t\t\t\t\t<\/div>\r\n\t\t\t\t<\/div>\r\n\t\t\t<div class=\"p-wrap p-grid p-grid-2\" data-pid=\"1433\">\r\n\t\t\t\t<div class=\"feat-holder\">\t\t<div class=\"p-featured\">\r\n\t\t\t\t\t<a class=\"p-flink\" href=\"https:\/\/weatheramerica.com\/es-ar\/2025\/07\/21\/el-clima-en-buenos-aires-regresan-las-lluvias-y-el-frio-polar\/\" title=\"El Clima En Buenos Aires: Regresan Las Lluvias Y El Fr\u00edo Polar\">\r\n\t\t\t<img loading=\"lazy\" decoding=\"async\" width=\"420\" height=\"280\" src=\"https:\/\/weatheramerica.com\/es-ar\/wp-content\/uploads\/sites\/6\/2025\/07\/buenos-aires-rain-2107-420x280.jpg\" class=\"featured-img wp-post-image\" alt=\"buenos aires rain-2107\" loading=\"lazy\" \/>\t\t<\/a>\r\n\t\t\t\t<\/div>\r\n\t<\/div>\r\n\t\t<div class=\"p-categories p-top\"><a class=\"p-category category-id-1\" href=\"https:\/\/weatheramerica.com\/es-ar\/category\/news\/\" rel=\"category\">News<\/a><\/div><h3 class=\"entry-title\">\t\t<a class=\"p-url\" href=\"https:\/\/weatheramerica.com\/es-ar\/2025\/07\/21\/el-clima-en-buenos-aires-regresan-las-lluvias-y-el-frio-polar\/\" rel=\"bookmark\">El Clima En Buenos Aires: Regresan Las Lluvias Y El Fr\u00edo Polar<\/a><\/h3>\t\t\t<div class=\"p-meta\">\r\n\t\t\t\t<div class=\"meta-inner is-meta\">\r\n\t\t\t\t\t\t\t<a class=\"meta-el meta-avatar\" href=\"https:\/\/weatheramerica.com\/es-ar\/author\/martina-gonzalez\/\" rel=\"nofollow\" aria-label=\"Visit posts by Martina Gonz\u00e1lez\"><img alt='Martina Gonz\u00e1lez' src='https:\/\/secure.gravatar.com\/avatar\/b2c5108c002cfcb2326b0d2e7621b37da877e62b5e89d086c9c80697ed017ea3?s=44&#038;d=mm&#038;r=g' srcset='https:\/\/secure.gravatar.com\/avatar\/b2c5108c002cfcb2326b0d2e7621b37da877e62b5e89d086c9c80697ed017ea3?s=88&#038;d=mm&#038;r=g 2x' class='avatar avatar-44 photo' height='44' width='44' \/><\/a>\r\n\t\t\t\t<div class=\"meta-el meta-author\">\r\n\t\t\t\t\t\t\t<span class=\"meta-label\">By<\/span>\r\n\t\t\t<a href=\"https:\/\/weatheramerica.com\/es-ar\/author\/martina-gonzalez\/\">Martina Gonz\u00e1lez<\/a>\t\t<\/div>\r\n\t\t\t\t<div class=\"meta-el meta-update human-format\">\r\n\t\t\t<i class=\"rbi rbi-time\" aria-hidden=\"true\"><\/i>\t\t\t<time class=\"updated\" datetime=\"2025-07-21T12:41:41-03:00\">9 meses ago<\/time>\r\n\t\t<\/div>\r\n\t\t\t\t\t\t<\/div>\r\n\t\t\t\t\t\t\t<\/div>\r\n\t\t\t\t<\/div>\r\n\t\t\t<div class=\"p-wrap p-grid p-grid-2\" data-pid=\"1430\">\r\n\t\t\t\t<div class=\"feat-holder\">\t\t<div class=\"p-featured\">\r\n\t\t\t\t\t<a class=\"p-flink\" href=\"https:\/\/weatheramerica.com\/es-ar\/2025\/07\/21\/el-clima-en-tucuman-sube-la-temperatura-y-llegan-dias-primaverales\/\" title=\"El clima en Tucum\u00e1n: sube la temperatura y llegan d\u00edas primaverales\">\r\n\t\t\t<img loading=\"lazy\" decoding=\"async\" width=\"419\" height=\"280\" src=\"https:\/\/weatheramerica.com\/es-ar\/wp-content\/uploads\/sites\/6\/2025\/07\/Tucuman-2107-420x280.jpg\" class=\"featured-img wp-post-image\" alt=\"\" loading=\"lazy\" \/>\t\t<\/a>\r\n\t\t\t\t<\/div>\r\n\t<\/div>\r\n\t\t<div class=\"p-categories p-top\"><a class=\"p-category category-id-1\" href=\"https:\/\/weatheramerica.com\/es-ar\/category\/news\/\" rel=\"category\">News<\/a><\/div><h3 class=\"entry-title\">\t\t<a class=\"p-url\" href=\"https:\/\/weatheramerica.com\/es-ar\/2025\/07\/21\/el-clima-en-tucuman-sube-la-temperatura-y-llegan-dias-primaverales\/\" rel=\"bookmark\">El clima en Tucum\u00e1n: sube la temperatura y llegan d\u00edas primaverales<\/a><\/h3>\t\t\t<div class=\"p-meta\">\r\n\t\t\t\t<div class=\"meta-inner is-meta\">\r\n\t\t\t\t\t\t\t<a class=\"meta-el meta-avatar\" href=\"https:\/\/weatheramerica.com\/es-ar\/author\/julieta-romero\/\" rel=\"nofollow\" aria-label=\"Visit posts by Julieta Romero\"><img alt='Julieta Romero' src='https:\/\/secure.gravatar.com\/avatar\/be0c1f9492516a4b9a3f5fdfe0a5b3c1d0fb86d0da97813fa6ddaf5686bd820f?s=44&#038;d=mm&#038;r=g' srcset='https:\/\/secure.gravatar.com\/avatar\/be0c1f9492516a4b9a3f5fdfe0a5b3c1d0fb86d0da97813fa6ddaf5686bd820f?s=88&#038;d=mm&#038;r=g 2x' class='avatar avatar-44 photo' height='44' width='44' \/><\/a>\r\n\t\t\t\t<div class=\"meta-el meta-author\">\r\n\t\t\t\t\t\t\t<span class=\"meta-label\">By<\/span>\r\n\t\t\t<a href=\"https:\/\/weatheramerica.com\/es-ar\/author\/julieta-romero\/\">Julieta Romero<\/a>\t\t<\/div>\r\n\t\t\t\t<div class=\"meta-el meta-update human-format\">\r\n\t\t\t<i class=\"rbi rbi-time\" aria-hidden=\"true\"><\/i>\t\t\t<time class=\"updated\" datetime=\"2025-07-21T12:39:35-03:00\">9 meses ago<\/time>\r\n\t\t<\/div>\r\n\t\t\t\t\t\t<\/div>\r\n\t\t\t\t\t\t\t<\/div>\r\n\t\t\t\t<\/div>\r\n\t<\/div><\/div>\t\t\t\t<\/div>\n\t\t\t\t<\/div>\n\t\t\t\t\t<\/div>\n\t\t\t\t<\/div>\n\t\t\t\t<\/div>\n\t\t\t\t\t\t<\/div>\n\t\t\t\t<\/div>\n\t\t\t\t\t<\/div>\n\t\t<\/div>\n\t\t\t\t\t<\/div>\n\t\t<\/section>\n\t\t\t\t<\/div>\n\t\t","protected":false},"excerpt":{"rendered":"<p>edit El clima en Argentina: ola polar con fr\u00edo extremo y posible nieve El clima en Ciudad de Buenos Aires: alerta amarilla por bajas temperaturas Este jueves 26 de junio, la Ciudad de Buenos Aires transita una jornada marcada por el ingreso de\u2026 By Benjam\u00edn P\u00e9rez 3 ore ago edit News El clima en Argentina: [&hellip;]<\/p>\n","protected":false},"author":1,"featured_media":0,"parent":0,"menu_order":0,"comment_status":"closed","ping_status":"closed","template":"","meta":{"footnotes":""},"class_list":["post-975","page","type-page","status-publish"],"yoast_head":"<!-- This site is optimized with the Yoast SEO plugin v26.9 - https:\/\/yoast.com\/product\/yoast-seo-wordpress\/ -->\n<title>Weather America Argentina \u2013 Pron\u00f3stico del Tiempo y Actualizaciones Clim\u00e1ticas - Argentina \u2013 Weather America<\/title>\n<meta name=\"description\" content=\"Accede a pron\u00f3sticos detallados, alertas locales y noticias del clima en Argentina. Con Weather America tendr\u00e1s la informaci\u00f3n meteorol\u00f3gica m\u00e1s confiable.\" \/>\n<meta name=\"robots\" content=\"index, follow, max-snippet:-1, max-image-preview:large, max-video-preview:-1\" \/>\n<link rel=\"canonical\" href=\"https:\/\/weatheramerica.com\/es-ar\/\" \/>\n<meta property=\"og:locale\" content=\"es_ES\" \/>\n<meta property=\"og:type\" content=\"article\" \/>\n<meta property=\"og:title\" content=\"Weather America Argentina \u2013 Pron\u00f3stico del Tiempo y Actualizaciones Clim\u00e1ticas - Argentina \u2013 Weather America\" \/>\n<meta property=\"og:description\" content=\"Accede a pron\u00f3sticos detallados, alertas locales y noticias del clima en Argentina. Con Weather America tendr\u00e1s la informaci\u00f3n meteorol\u00f3gica m\u00e1s confiable.\" \/>\n<meta property=\"og:url\" content=\"https:\/\/weatheramerica.com\/es-ar\/\" \/>\n<meta property=\"og:site_name\" content=\"Argentina \u2013 Weather America\" \/>\n<meta property=\"article:modified_time\" content=\"2025-08-19T17:11:15+00:00\" \/>\n<meta property=\"og:image\" content=\"http:\/\/ar.weatheramerica.com\/wp-content\/uploads\/sites\/6\/2025\/06\/El-clima-en-Argentina-ola-polar-con-frio-extremo-y-posible-nieve-860x573.png\" \/>\n<meta name=\"twitter:card\" content=\"summary_large_image\" \/>\n<meta name=\"twitter:label1\" content=\"Tiempo de lectura\" \/>\n\t<meta name=\"twitter:data1\" content=\"7 minutos\" \/>\n<script type=\"application\/ld+json\" class=\"yoast-schema-graph\">{\"@context\":\"https:\/\/schema.org\",\"@graph\":[{\"@type\":\"WebPage\",\"@id\":\"https:\/\/weatheramerica.com\/es-ar\/\",\"url\":\"https:\/\/weatheramerica.com\/es-ar\/\",\"name\":\"Weather America Argentina \u2013 Pron\u00f3stico del Tiempo y Actualizaciones Clim\u00e1ticas - Argentina \u2013 Weather America\",\"isPartOf\":{\"@id\":\"https:\/\/weatheramerica.com\/es-ar\/#website\"},\"primaryImageOfPage\":{\"@id\":\"https:\/\/weatheramerica.com\/es-ar\/#primaryimage\"},\"image\":{\"@id\":\"https:\/\/weatheramerica.com\/es-ar\/#primaryimage\"},\"thumbnailUrl\":\"http:\/\/ar.weatheramerica.com\/wp-content\/uploads\/sites\/6\/2025\/06\/El-clima-en-Argentina-ola-polar-con-frio-extremo-y-posible-nieve-860x573.png\",\"datePublished\":\"2025-06-26T17:50:41+00:00\",\"dateModified\":\"2025-08-19T17:11:15+00:00\",\"description\":\"Accede a pron\u00f3sticos detallados, alertas locales y noticias del clima en Argentina. Con Weather America tendr\u00e1s la informaci\u00f3n meteorol\u00f3gica m\u00e1s confiable.\",\"breadcrumb\":{\"@id\":\"https:\/\/weatheramerica.com\/es-ar\/#breadcrumb\"},\"inLanguage\":\"es-AR\",\"potentialAction\":[{\"@type\":\"ReadAction\",\"target\":[\"https:\/\/weatheramerica.com\/es-ar\/\"]}]},{\"@type\":\"ImageObject\",\"inLanguage\":\"es-AR\",\"@id\":\"https:\/\/weatheramerica.com\/es-ar\/#primaryimage\",\"url\":\"http:\/\/ar.weatheramerica.com\/wp-content\/uploads\/sites\/6\/2025\/06\/El-clima-en-Argentina-ola-polar-con-frio-extremo-y-posible-nieve-860x573.png\",\"contentUrl\":\"http:\/\/ar.weatheramerica.com\/wp-content\/uploads\/sites\/6\/2025\/06\/El-clima-en-Argentina-ola-polar-con-frio-extremo-y-posible-nieve-860x573.png\"},{\"@type\":\"BreadcrumbList\",\"@id\":\"https:\/\/weatheramerica.com\/es-ar\/#breadcrumb\",\"itemListElement\":[{\"@type\":\"ListItem\",\"position\":1,\"name\":\"Home\",\"item\":\"https:\/\/weatheramerica.com\/es-ar\/\"},{\"@type\":\"ListItem\",\"position\":2,\"name\":\"Weather America Argentina \u2013 Pron\u00f3stico del Tiempo y Actualizaciones Clim\u00e1ticas\"}]},{\"@type\":\"WebSite\",\"@id\":\"https:\/\/weatheramerica.com\/es-ar\/#website\",\"url\":\"https:\/\/weatheramerica.com\/es-ar\/\",\"name\":\"Argentina \u2013 Weather America\",\"description\":\"\",\"potentialAction\":[{\"@type\":\"SearchAction\",\"target\":{\"@type\":\"EntryPoint\",\"urlTemplate\":\"https:\/\/weatheramerica.com\/es-ar\/?s={search_term_string}\"},\"query-input\":{\"@type\":\"PropertyValueSpecification\",\"valueRequired\":true,\"valueName\":\"search_term_string\"}}],\"inLanguage\":\"es-AR\"}]}<\/script>\n<!-- \/ Yoast SEO plugin. -->","yoast_head_json":{"title":"Weather America Argentina \u2013 Pron\u00f3stico del Tiempo y Actualizaciones Clim\u00e1ticas - Argentina \u2013 Weather America","description":"Accede a pron\u00f3sticos detallados, alertas locales y noticias del clima en Argentina. Con Weather America tendr\u00e1s la informaci\u00f3n meteorol\u00f3gica m\u00e1s confiable.","robots":{"index":"index","follow":"follow","max-snippet":"max-snippet:-1","max-image-preview":"max-image-preview:large","max-video-preview":"max-video-preview:-1"},"canonical":"https:\/\/weatheramerica.com\/es-ar\/","og_locale":"es_ES","og_type":"article","og_title":"Weather America Argentina \u2013 Pron\u00f3stico del Tiempo y Actualizaciones Clim\u00e1ticas - Argentina \u2013 Weather America","og_description":"Accede a pron\u00f3sticos detallados, alertas locales y noticias del clima en Argentina. Con Weather America tendr\u00e1s la informaci\u00f3n meteorol\u00f3gica m\u00e1s confiable.","og_url":"https:\/\/weatheramerica.com\/es-ar\/","og_site_name":"Argentina \u2013 Weather America","article_modified_time":"2025-08-19T17:11:15+00:00","og_image":[{"url":"http:\/\/ar.weatheramerica.com\/wp-content\/uploads\/sites\/6\/2025\/06\/El-clima-en-Argentina-ola-polar-con-frio-extremo-y-posible-nieve-860x573.png","type":"","width":"","height":""}],"twitter_card":"summary_large_image","twitter_misc":{"Tiempo de lectura":"7 minutos"},"schema":{"@context":"https:\/\/schema.org","@graph":[{"@type":"WebPage","@id":"https:\/\/weatheramerica.com\/es-ar\/","url":"https:\/\/weatheramerica.com\/es-ar\/","name":"Weather America Argentina \u2013 Pron\u00f3stico del Tiempo y Actualizaciones Clim\u00e1ticas - Argentina \u2013 Weather America","isPartOf":{"@id":"https:\/\/weatheramerica.com\/es-ar\/#website"},"primaryImageOfPage":{"@id":"https:\/\/weatheramerica.com\/es-ar\/#primaryimage"},"image":{"@id":"https:\/\/weatheramerica.com\/es-ar\/#primaryimage"},"thumbnailUrl":"http:\/\/ar.weatheramerica.com\/wp-content\/uploads\/sites\/6\/2025\/06\/El-clima-en-Argentina-ola-polar-con-frio-extremo-y-posible-nieve-860x573.png","datePublished":"2025-06-26T17:50:41+00:00","dateModified":"2025-08-19T17:11:15+00:00","description":"Accede a pron\u00f3sticos detallados, alertas locales y noticias del clima en Argentina. Con Weather America tendr\u00e1s la informaci\u00f3n meteorol\u00f3gica m\u00e1s confiable.","breadcrumb":{"@id":"https:\/\/weatheramerica.com\/es-ar\/#breadcrumb"},"inLanguage":"es-AR","potentialAction":[{"@type":"ReadAction","target":["https:\/\/weatheramerica.com\/es-ar\/"]}]},{"@type":"ImageObject","inLanguage":"es-AR","@id":"https:\/\/weatheramerica.com\/es-ar\/#primaryimage","url":"http:\/\/ar.weatheramerica.com\/wp-content\/uploads\/sites\/6\/2025\/06\/El-clima-en-Argentina-ola-polar-con-frio-extremo-y-posible-nieve-860x573.png","contentUrl":"http:\/\/ar.weatheramerica.com\/wp-content\/uploads\/sites\/6\/2025\/06\/El-clima-en-Argentina-ola-polar-con-frio-extremo-y-posible-nieve-860x573.png"},{"@type":"BreadcrumbList","@id":"https:\/\/weatheramerica.com\/es-ar\/#breadcrumb","itemListElement":[{"@type":"ListItem","position":1,"name":"Home","item":"https:\/\/weatheramerica.com\/es-ar\/"},{"@type":"ListItem","position":2,"name":"Weather America Argentina \u2013 Pron\u00f3stico del Tiempo y Actualizaciones Clim\u00e1ticas"}]},{"@type":"WebSite","@id":"https:\/\/weatheramerica.com\/es-ar\/#website","url":"https:\/\/weatheramerica.com\/es-ar\/","name":"Argentina \u2013 Weather America","description":"","potentialAction":[{"@type":"SearchAction","target":{"@type":"EntryPoint","urlTemplate":"https:\/\/weatheramerica.com\/es-ar\/?s={search_term_string}"},"query-input":{"@type":"PropertyValueSpecification","valueRequired":true,"valueName":"search_term_string"}}],"inLanguage":"es-AR"}]}},"_links":{"self":[{"href":"https:\/\/weatheramerica.com\/es-ar\/wp-json\/wp\/v2\/pages\/975","targetHints":{"allow":["GET"]}}],"collection":[{"href":"https:\/\/weatheramerica.com\/es-ar\/wp-json\/wp\/v2\/pages"}],"about":[{"href":"https:\/\/weatheramerica.com\/es-ar\/wp-json\/wp\/v2\/types\/page"}],"author":[{"embeddable":true,"href":"https:\/\/weatheramerica.com\/es-ar\/wp-json\/wp\/v2\/users\/1"}],"replies":[{"embeddable":true,"href":"https:\/\/weatheramerica.com\/es-ar\/wp-json\/wp\/v2\/comments?post=975"}],"version-history":[{"count":0,"href":"https:\/\/weatheramerica.com\/es-ar\/wp-json\/wp\/v2\/pages\/975\/revisions"}],"wp:attachment":[{"href":"https:\/\/weatheramerica.com\/es-ar\/wp-json\/wp\/v2\/media?parent=975"}],"curies":[{"name":"wp","href":"https:\/\/api.w.org\/{rel}","templated":true}]}}